{"id":176,"date":"2019-01-01T17:44:58","date_gmt":"2019-01-01T17:44:58","guid":{"rendered":"http:\/\/daniel-erfle.de\/?page_id=176"},"modified":"2021-12-28T19:41:31","modified_gmt":"2021-12-28T19:41:31","slug":"plastiken","status":"publish","type":"page","link":"https:\/\/daniel-erfle.de\/?page_id=176","title":{"rendered":"Plastiken"},"content":{"rendered":"\r\n<p>Neben der Verwandlung von Holzbl\u00f6cken in d\u00fcnnh\u00e4utige, filigrane Stelen, fasziniert mich der Werkstoff Papier. Aus ganzen B\u00f6gen gerissen, mit Leim und Draht verst\u00e4rkt oder an F\u00e4den h\u00e4ngend, forme ich Figuren als Endlosschleifen.<br \/><br \/><em>Sculptures<br \/>Besides my work transforming blocks of wood into filigree pillars, I also use paper as an artistic medium. Torn from complete sheets, strengthened with glue and wire or hanging from threads, I form infinitely looping figures.<\/em><\/p>\r\n<style type=\"text\/css\">\n\t#foogallery-gallery-1223 .fg-image {\n        width: 150px;\n    }\n<\/style>\n\t\t\t\t<div class=\"foogallery foogallery-container foogallery-default foogallery-lightbox-foobox fg-gutter-10 fg-center fg-default fg-light fg-border-thin fg-shadow-outline fg-loading-default fg-loaded-fade-in fg-caption-hover fg-hover-fade fg-hover-zoom fg-ready\" id=\"foogallery-gallery-1223\" data-foogallery=\"{&quot;item&quot;:{&quot;showCaptionTitle&quot;:true,&quot;showCaptionDescription&quot;:true},&quot;lazy&quot;:true}\" >\n\t<div class=\"fg-item fg-type-image fg-idle\"><figure class=\"fg-item-inner\"><a href=\"https:\/\/daniel-erfle.de\/wp-content\/uploads\/2019\/01\/plastiken23.jpg\" data-caption-title=\"&quot;K-IV&quot; - 2017 - Gr\u00f6\u00dfe 43x28x17cm\" data-attachment-id=\"144\" data-type=\"image\" class=\"fg-thumb\"><span class=\"fg-image-wrap\"><img decoding=\"async\" title=\"&quot;K-IV&quot; - 2017 - Gr\u00f6\u00dfe 43x28x17cm\" width=\"150\" height=\"150\" class=\"skip-lazy fg-image\" data-src-fg=\"https:\/\/daniel-erfle.de\/wp-content\/uploads\/cache\/2019\/01\/plastiken23\/534440388.jpg\" src=\"data:image\/svg+xml,%3Csvg%20xmlns%3D%22http%3A%2F%2Fwww.w3.org%2F2000%2Fsvg%22%20width%3D%22150%22%20height%3D%22150%22%20viewBox%3D%220%200%20150%20150%22%3E%3C%2Fsvg%3E\" loading=\"eager\"><\/span><span class=\"fg-image-overlay\"><\/span><\/a><figcaption class=\"fg-caption\"><div class=\"fg-caption-inner\"><div class=\"fg-caption-title\">\"K-IV\" - 2017 - Gr\u00f6\u00dfe 43x28x17cm<\/div><\/div><\/figcaption><\/figure><div class=\"fg-loader\"><\/div><\/div><div class=\"fg-item fg-type-image fg-idle\"><figure class=\"fg-item-inner\"><a href=\"https:\/\/daniel-erfle.de\/wp-content\/uploads\/2019\/01\/plastiken22.jpg\" data-caption-title=\"&quot;K-IX&quot; - 2017 - Gr\u00f6\u00dfe 24x23x12cm\" data-attachment-id=\"143\" data-type=\"image\" class=\"fg-thumb\"><span class=\"fg-image-wrap\"><img decoding=\"async\" title=\"&quot;K-IX&quot; - 2017 - Gr\u00f6\u00dfe 24x23x12cm\" width=\"150\" height=\"150\" class=\"skip-lazy fg-image\" data-src-fg=\"https:\/\/daniel-erfle.de\/wp-content\/uploads\/cache\/2019\/01\/plastiken22\/2700083437.jpg\" src=\"data:image\/svg+xml,%3Csvg%20xmlns%3D%22http%3A%2F%2Fwww.w3.org%2F2000%2Fsvg%22%20width%3D%22150%22%20height%3D%22150%22%20viewBox%3D%220%200%20150%20150%22%3E%3C%2Fsvg%3E\" loading=\"eager\"><\/span><span class=\"fg-image-overlay\"><\/span><\/a><figcaption class=\"fg-caption\"><div class=\"fg-caption-inner\"><div class=\"fg-caption-title\">\"K-IX\" - 2017 - Gr\u00f6\u00dfe 24x23x12cm<\/div><\/div><\/figcaption><\/figure><div class=\"fg-loader\"><\/div><\/div><div class=\"fg-item fg-type-image fg-idle\"><figure class=\"fg-item-inner\"><a href=\"https:\/\/daniel-erfle.de\/wp-content\/uploads\/2019\/01\/plastiken21.jpg\" data-attachment-id=\"142\" data-type=\"image\" class=\"fg-thumb\"><span class=\"fg-image-wrap\"><img decoding=\"async\" width=\"150\" height=\"150\" class=\"skip-lazy fg-image\" data-src-fg=\"https:\/\/daniel-erfle.de\/wp-content\/uploads\/cache\/2019\/01\/plastiken21\/4056912242.jpg\" src=\"data:image\/svg+xml,%3Csvg%20xmlns%3D%22http%3A%2F%2Fwww.w3.org%2F2000%2Fsvg%22%20width%3D%22150%22%20height%3D%22150%22%20viewBox%3D%220%200%20150%20150%22%3E%3C%2Fsvg%3E\" loading=\"eager\"><\/span><span class=\"fg-image-overlay\"><\/span><\/a><figcaption class=\"fg-caption\"><div class=\"fg-caption-inner\"><\/div><\/figcaption><\/figure><div class=\"fg-loader\"><\/div><\/div><div class=\"fg-item fg-type-image fg-idle\"><figure class=\"fg-item-inner\"><a href=\"https:\/\/daniel-erfle.de\/wp-content\/uploads\/2019\/01\/plastiken20.jpg\" data-caption-title=\"&quot;K-VIII&quot; - 2017 - Gr\u00f6\u00dfe 23x17x9cm\" data-attachment-id=\"141\" data-type=\"image\" class=\"fg-thumb\"><span class=\"fg-image-wrap\"><img decoding=\"async\" title=\"&quot;K-VIII&quot; - 2017 - Gr\u00f6\u00dfe 23x17x9cm\" width=\"150\" height=\"150\" class=\"skip-lazy fg-image\" data-src-fg=\"https:\/\/daniel-erfle.de\/wp-content\/uploads\/cache\/2019\/01\/plastiken20\/2261069097.jpg\" src=\"data:image\/svg+xml,%3Csvg%20xmlns%3D%22http%3A%2F%2Fwww.w3.org%2F2000%2Fsvg%22%20width%3D%22150%22%20height%3D%22150%22%20viewBox%3D%220%200%20150%20150%22%3E%3C%2Fsvg%3E\" loading=\"eager\"><\/span><span class=\"fg-image-overlay\"><\/span><\/a><figcaption class=\"fg-caption\"><div class=\"fg-caption-inner\"><div class=\"fg-caption-title\">\"K-VIII\" - 2017 - Gr\u00f6\u00dfe 23x17x9cm<\/div><\/div><\/figcaption><\/figure><div class=\"fg-loader\"><\/div><\/div><div class=\"fg-item fg-type-image fg-idle\"><figure class=\"fg-item-inner\"><a href=\"https:\/\/daniel-erfle.de\/wp-content\/uploads\/2019\/01\/plastiken19.jpg\" data-caption-title=\"&quot;TH-III&quot; - 2017 - H\u00f6he 95cm\" data-attachment-id=\"140\" data-type=\"image\" class=\"fg-thumb\"><span class=\"fg-image-wrap\"><img decoding=\"async\" title=\"&quot;TH-III&quot; - 2017 - H\u00f6he 95cm\" width=\"150\" height=\"150\" class=\"skip-lazy fg-image\" data-src-fg=\"https:\/\/daniel-erfle.de\/wp-content\/uploads\/cache\/2019\/01\/plastiken19\/2142739643.jpg\" src=\"data:image\/svg+xml,%3Csvg%20xmlns%3D%22http%3A%2F%2Fwww.w3.org%2F2000%2Fsvg%22%20width%3D%22150%22%20height%3D%22150%22%20viewBox%3D%220%200%20150%20150%22%3E%3C%2Fsvg%3E\" loading=\"eager\"><\/span><span class=\"fg-image-overlay\"><\/span><\/a><figcaption class=\"fg-caption\"><div class=\"fg-caption-inner\"><div class=\"fg-caption-title\">\"TH-III\" - 2017 - H\u00f6he 95cm<\/div><\/div><\/figcaption><\/figure><div class=\"fg-loader\"><\/div><\/div><div class=\"fg-item fg-type-image fg-idle\"><figure class=\"fg-item-inner\"><a href=\"https:\/\/daniel-erfle.de\/wp-content\/uploads\/2019\/01\/plastiken18.jpg\" data-attachment-id=\"139\" data-type=\"image\" class=\"fg-thumb\"><span class=\"fg-image-wrap\"><img decoding=\"async\" width=\"150\" height=\"150\" class=\"skip-lazy fg-image\" data-src-fg=\"https:\/\/daniel-erfle.de\/wp-content\/uploads\/cache\/2019\/01\/plastiken18\/1927938106.jpg\" src=\"data:image\/svg+xml,%3Csvg%20xmlns%3D%22http%3A%2F%2Fwww.w3.org%2F2000%2Fsvg%22%20width%3D%22150%22%20height%3D%22150%22%20viewBox%3D%220%200%20150%20150%22%3E%3C%2Fsvg%3E\" loading=\"eager\"><\/span><span class=\"fg-image-overlay\"><\/span><\/a><figcaption class=\"fg-caption\"><div class=\"fg-caption-inner\"><\/div><\/figcaption><\/figure><div class=\"fg-loader\"><\/div><\/div><div class=\"fg-item fg-type-image fg-idle\"><figure class=\"fg-item-inner\"><a href=\"https:\/\/daniel-erfle.de\/wp-content\/uploads\/2019\/01\/plastiken17.jpg\" data-attachment-id=\"138\" data-type=\"image\" class=\"fg-thumb\"><span class=\"fg-image-wrap\"><img decoding=\"async\" width=\"150\" height=\"150\" class=\"skip-lazy fg-image\" data-src-fg=\"https:\/\/daniel-erfle.de\/wp-content\/uploads\/cache\/2019\/01\/plastiken17\/1954186474.jpg\" src=\"data:image\/svg+xml,%3Csvg%20xmlns%3D%22http%3A%2F%2Fwww.w3.org%2F2000%2Fsvg%22%20width%3D%22150%22%20height%3D%22150%22%20viewBox%3D%220%200%20150%20150%22%3E%3C%2Fsvg%3E\" loading=\"eager\"><\/span><span class=\"fg-image-overlay\"><\/span><\/a><figcaption class=\"fg-caption\"><div class=\"fg-caption-inner\"><\/div><\/figcaption><\/figure><div class=\"fg-loader\"><\/div><\/div><div class=\"fg-item fg-type-image fg-idle\"><figure class=\"fg-item-inner\"><a href=\"https:\/\/daniel-erfle.de\/wp-content\/uploads\/2019\/01\/plastiken16.jpg\" data-caption-title=\"&quot;TH-V&quot; - 2017 -H\u00f6he 195cm\" data-attachment-id=\"137\" data-type=\"image\" class=\"fg-thumb\"><span class=\"fg-image-wrap\"><img decoding=\"async\" title=\"&quot;TH-V&quot; - 2017 -H\u00f6he 195cm\" width=\"150\" height=\"150\" class=\"skip-lazy fg-image\" data-src-fg=\"https:\/\/daniel-erfle.de\/wp-content\/uploads\/cache\/2019\/01\/plastiken16\/2153890150.jpg\" src=\"data:image\/svg+xml,%3Csvg%20xmlns%3D%22http%3A%2F%2Fwww.w3.org%2F2000%2Fsvg%22%20width%3D%22150%22%20height%3D%22150%22%20viewBox%3D%220%200%20150%20150%22%3E%3C%2Fsvg%3E\" loading=\"eager\"><\/span><span class=\"fg-image-overlay\"><\/span><\/a><figcaption class=\"fg-caption\"><div class=\"fg-caption-inner\"><div class=\"fg-caption-title\">\"TH-V\" - 2017 -H\u00f6he 195cm<\/div><\/div><\/figcaption><\/figure><div class=\"fg-loader\"><\/div><\/div><div class=\"fg-item fg-type-image fg-idle\"><figure class=\"fg-item-inner\"><a href=\"https:\/\/daniel-erfle.de\/wp-content\/uploads\/2019\/01\/plastiken15.jpg\" data-caption-title=\"&quot;K-V&quot; - 2014 - Gr\u00f6\u00dfe 64x30x23cm\" data-attachment-id=\"136\" data-type=\"image\" class=\"fg-thumb\"><span class=\"fg-image-wrap\"><img decoding=\"async\" title=\"&quot;K-V&quot; - 2014 - Gr\u00f6\u00dfe 64x30x23cm\" width=\"150\" height=\"150\" class=\"skip-lazy fg-image\" data-src-fg=\"https:\/\/daniel-erfle.de\/wp-content\/uploads\/cache\/2019\/01\/plastiken15\/3512619257.jpg\" src=\"data:image\/svg+xml,%3Csvg%20xmlns%3D%22http%3A%2F%2Fwww.w3.org%2F2000%2Fsvg%22%20width%3D%22150%22%20height%3D%22150%22%20viewBox%3D%220%200%20150%20150%22%3E%3C%2Fsvg%3E\" loading=\"eager\"><\/span><span class=\"fg-image-overlay\"><\/span><\/a><figcaption class=\"fg-caption\"><div class=\"fg-caption-inner\"><div class=\"fg-caption-title\">\"K-V\" - 2014 - Gr\u00f6\u00dfe 64x30x23cm<\/div><\/div><\/figcaption><\/figure><div class=\"fg-loader\"><\/div><\/div><div class=\"fg-item fg-type-image fg-idle\"><figure class=\"fg-item-inner\"><a href=\"https:\/\/daniel-erfle.de\/wp-content\/uploads\/2019\/01\/plastiken14.jpg\" data-caption-title=\"&quot;Kopf IV&quot; - 2014 - Gr\u00f6\u00dfe 47x32x25cm\" data-attachment-id=\"135\" data-type=\"image\" class=\"fg-thumb\"><span class=\"fg-image-wrap\"><img decoding=\"async\" title=\"&quot;Kopf IV&quot; - 2014 - Gr\u00f6\u00dfe 47x32x25cm\" width=\"150\" height=\"150\" class=\"skip-lazy fg-image\" data-src-fg=\"https:\/\/daniel-erfle.de\/wp-content\/uploads\/cache\/2019\/01\/plastiken14\/2790583458.jpg\" src=\"data:image\/svg+xml,%3Csvg%20xmlns%3D%22http%3A%2F%2Fwww.w3.org%2F2000%2Fsvg%22%20width%3D%22150%22%20height%3D%22150%22%20viewBox%3D%220%200%20150%20150%22%3E%3C%2Fsvg%3E\" loading=\"eager\"><\/span><span class=\"fg-image-overlay\"><\/span><\/a><figcaption class=\"fg-caption\"><div class=\"fg-caption-inner\"><div class=\"fg-caption-title\">\"Kopf IV\" - 2014 - Gr\u00f6\u00dfe 47x32x25cm<\/div><\/div><\/figcaption><\/figure><div class=\"fg-loader\"><\/div><\/div><div class=\"fg-item fg-type-image fg-idle\"><figure class=\"fg-item-inner\"><a href=\"https:\/\/daniel-erfle.de\/wp-content\/uploads\/2019\/01\/plastiken13.jpg\" data-caption-title=\"&quot;Platzhalter I und II&quot; - 2015 - H\u00f6he je ca. 180cm\" data-attachment-id=\"134\" data-type=\"image\" class=\"fg-thumb\"><span class=\"fg-image-wrap\"><img decoding=\"async\" title=\"&quot;Platzhalter I und II&quot; - 2015 - H\u00f6he je ca. 180cm\" width=\"150\" height=\"150\" class=\"skip-lazy fg-image\" data-src-fg=\"https:\/\/daniel-erfle.de\/wp-content\/uploads\/cache\/2019\/01\/plastiken13\/1931572167.jpg\" src=\"data:image\/svg+xml,%3Csvg%20xmlns%3D%22http%3A%2F%2Fwww.w3.org%2F2000%2Fsvg%22%20width%3D%22150%22%20height%3D%22150%22%20viewBox%3D%220%200%20150%20150%22%3E%3C%2Fsvg%3E\" loading=\"eager\"><\/span><span class=\"fg-image-overlay\"><\/span><\/a><figcaption class=\"fg-caption\"><div class=\"fg-caption-inner\"><div class=\"fg-caption-title\">\"Platzhalter I und II\" - 2015 - H\u00f6he je ca. 180cm<\/div><\/div><\/figcaption><\/figure><div class=\"fg-loader\"><\/div><\/div><div class=\"fg-item fg-type-image fg-idle\"><figure class=\"fg-item-inner\"><a href=\"https:\/\/daniel-erfle.de\/wp-content\/uploads\/2019\/01\/plastiken12.jpg\" data-caption-title=\"&quot;Kriech-gang&quot; - 2015 - Gr\u00f6\u00dfe 48x175x100cm\" data-attachment-id=\"133\" data-type=\"image\" class=\"fg-thumb\"><span class=\"fg-image-wrap\"><img decoding=\"async\" title=\"&quot;Kriech-gang&quot; - 2015 - Gr\u00f6\u00dfe 48x175x100cm\" width=\"150\" height=\"150\" class=\"skip-lazy fg-image\" data-src-fg=\"https:\/\/daniel-erfle.de\/wp-content\/uploads\/cache\/2019\/01\/plastiken12\/3423312622.jpg\" src=\"data:image\/svg+xml,%3Csvg%20xmlns%3D%22http%3A%2F%2Fwww.w3.org%2F2000%2Fsvg%22%20width%3D%22150%22%20height%3D%22150%22%20viewBox%3D%220%200%20150%20150%22%3E%3C%2Fsvg%3E\" loading=\"eager\"><\/span><span class=\"fg-image-overlay\"><\/span><\/a><figcaption class=\"fg-caption\"><div class=\"fg-caption-inner\"><div class=\"fg-caption-title\">\"Kriech-gang\" - 2015 - Gr\u00f6\u00dfe 48x175x100cm<\/div><\/div><\/figcaption><\/figure><div class=\"fg-loader\"><\/div><\/div><div class=\"fg-item fg-type-image fg-idle\"><figure class=\"fg-item-inner\"><a href=\"https:\/\/daniel-erfle.de\/wp-content\/uploads\/2019\/01\/plastiken11.jpg\" data-caption-title=\"&quot;End-lichkeit&quot; - 2011 - Gr\u00f6\u00dfe 325x70x25cm\" data-attachment-id=\"132\" data-type=\"image\" class=\"fg-thumb\"><span class=\"fg-image-wrap\"><img decoding=\"async\" title=\"&quot;End-lichkeit&quot; - 2011 - Gr\u00f6\u00dfe 325x70x25cm\" width=\"150\" height=\"150\" class=\"skip-lazy fg-image\" data-src-fg=\"https:\/\/daniel-erfle.de\/wp-content\/uploads\/cache\/2019\/01\/plastiken11\/2637433713.jpg\" src=\"data:image\/svg+xml,%3Csvg%20xmlns%3D%22http%3A%2F%2Fwww.w3.org%2F2000%2Fsvg%22%20width%3D%22150%22%20height%3D%22150%22%20viewBox%3D%220%200%20150%20150%22%3E%3C%2Fsvg%3E\" loading=\"eager\"><\/span><span class=\"fg-image-overlay\"><\/span><\/a><figcaption class=\"fg-caption\"><div class=\"fg-caption-inner\"><div class=\"fg-caption-title\">\"End-lichkeit\" - 2011 - Gr\u00f6\u00dfe 325x70x25cm<\/div><\/div><\/figcaption><\/figure><div class=\"fg-loader\"><\/div><\/div><div class=\"fg-item fg-type-image fg-idle\"><figure class=\"fg-item-inner\"><a href=\"https:\/\/daniel-erfle.de\/wp-content\/uploads\/2019\/01\/plastiken10.jpg\" data-caption-title=\"Aus der Serie &quot;Interaktion&quot; - 2014 - Gr\u00f6\u00dfe ca. 20x15x10\" data-attachment-id=\"131\" data-type=\"image\" class=\"fg-thumb\"><span class=\"fg-image-wrap\"><img decoding=\"async\" title=\"Aus der Serie &quot;Interaktion&quot; - 2014 - Gr\u00f6\u00dfe ca. 20x15x10\" width=\"150\" height=\"150\" class=\"skip-lazy fg-image\" data-src-fg=\"https:\/\/daniel-erfle.de\/wp-content\/uploads\/cache\/2019\/01\/plastiken10\/3929978666.jpg\" src=\"data:image\/svg+xml,%3Csvg%20xmlns%3D%22http%3A%2F%2Fwww.w3.org%2F2000%2Fsvg%22%20width%3D%22150%22%20height%3D%22150%22%20viewBox%3D%220%200%20150%20150%22%3E%3C%2Fsvg%3E\" loading=\"eager\"><\/span><span class=\"fg-image-overlay\"><\/span><\/a><figcaption class=\"fg-caption\"><div class=\"fg-caption-inner\"><div class=\"fg-caption-title\">Aus der Serie \"Interaktion\" - 2014 - Gr\u00f6\u00dfe ca. 20x15x10<\/div><\/div><\/figcaption><\/figure><div class=\"fg-loader\"><\/div><\/div><div class=\"fg-item fg-type-image fg-idle\"><figure class=\"fg-item-inner\"><a href=\"https:\/\/daniel-erfle.de\/wp-content\/uploads\/2019\/01\/plastiken09.jpg\" data-caption-title=\"Aus der Serie &quot;Interaktion&quot; - 2014 - Gr\u00f6\u00dfe ca. 20x15x10\" data-attachment-id=\"130\" data-type=\"image\" class=\"fg-thumb\"><span class=\"fg-image-wrap\"><img decoding=\"async\" title=\"Aus der Serie &quot;Interaktion&quot; - 2014 - Gr\u00f6\u00dfe ca. 20x15x10\" width=\"150\" height=\"150\" class=\"skip-lazy fg-image\" data-src-fg=\"https:\/\/daniel-erfle.de\/wp-content\/uploads\/cache\/2019\/01\/plastiken09\/1035611710.jpg\" src=\"data:image\/svg+xml,%3Csvg%20xmlns%3D%22http%3A%2F%2Fwww.w3.org%2F2000%2Fsvg%22%20width%3D%22150%22%20height%3D%22150%22%20viewBox%3D%220%200%20150%20150%22%3E%3C%2Fsvg%3E\" loading=\"eager\"><\/span><span class=\"fg-image-overlay\"><\/span><\/a><figcaption class=\"fg-caption\"><div class=\"fg-caption-inner\"><div class=\"fg-caption-title\">Aus der Serie \"Interaktion\" - 2014 - Gr\u00f6\u00dfe ca. 20x15x10<\/div><\/div><\/figcaption><\/figure><div class=\"fg-loader\"><\/div><\/div><div class=\"fg-item fg-type-image fg-idle\"><figure class=\"fg-item-inner\"><a href=\"https:\/\/daniel-erfle.de\/wp-content\/uploads\/2019\/01\/plastiken08.jpg\" data-caption-title=\"Aus der Serie &quot;Interaktion&quot; - 2014 - Gr\u00f6\u00dfe ca. 20x15x10\" data-attachment-id=\"129\" data-type=\"image\" class=\"fg-thumb\"><span class=\"fg-image-wrap\"><img decoding=\"async\" title=\"Aus der Serie &quot;Interaktion&quot; - 2014 - Gr\u00f6\u00dfe ca. 20x15x10\" width=\"150\" height=\"150\" class=\"skip-lazy fg-image\" data-src-fg=\"https:\/\/daniel-erfle.de\/wp-content\/uploads\/cache\/2019\/01\/plastiken08\/1023252984.jpg\" src=\"data:image\/svg+xml,%3Csvg%20xmlns%3D%22http%3A%2F%2Fwww.w3.org%2F2000%2Fsvg%22%20width%3D%22150%22%20height%3D%22150%22%20viewBox%3D%220%200%20150%20150%22%3E%3C%2Fsvg%3E\" loading=\"eager\"><\/span><span class=\"fg-image-overlay\"><\/span><\/a><figcaption class=\"fg-caption\"><div class=\"fg-caption-inner\"><div class=\"fg-caption-title\">Aus der Serie \"Interaktion\" - 2014 - Gr\u00f6\u00dfe ca. 20x15x10<\/div><\/div><\/figcaption><\/figure><div class=\"fg-loader\"><\/div><\/div><div class=\"fg-item fg-type-image fg-idle\"><figure class=\"fg-item-inner\"><a href=\"https:\/\/daniel-erfle.de\/wp-content\/uploads\/2019\/01\/plastiken07.jpg\" data-caption-title=\"&quot;end-lich V&quot; - 2014 - Gr\u00f6\u00dfe 73x34x32\" data-attachment-id=\"128\" data-type=\"image\" class=\"fg-thumb\"><span class=\"fg-image-wrap\"><img decoding=\"async\" title=\"&quot;end-lich V&quot; - 2014 - Gr\u00f6\u00dfe 73x34x32\" width=\"150\" height=\"150\" class=\"skip-lazy fg-image\" data-src-fg=\"https:\/\/daniel-erfle.de\/wp-content\/uploads\/cache\/2019\/01\/plastiken07\/980229416.jpg\" src=\"data:image\/svg+xml,%3Csvg%20xmlns%3D%22http%3A%2F%2Fwww.w3.org%2F2000%2Fsvg%22%20width%3D%22150%22%20height%3D%22150%22%20viewBox%3D%220%200%20150%20150%22%3E%3C%2Fsvg%3E\" loading=\"eager\"><\/span><span class=\"fg-image-overlay\"><\/span><\/a><figcaption class=\"fg-caption\"><div class=\"fg-caption-inner\"><div class=\"fg-caption-title\">\"end-lich V\" - 2014 - Gr\u00f6\u00dfe 73x34x32<\/div><\/div><\/figcaption><\/figure><div class=\"fg-loader\"><\/div><\/div><div class=\"fg-item fg-type-image fg-idle\"><figure class=\"fg-item-inner\"><a href=\"https:\/\/daniel-erfle.de\/wp-content\/uploads\/2019\/01\/plastiken06.jpg\" data-attachment-id=\"127\" data-type=\"image\" class=\"fg-thumb\"><span class=\"fg-image-wrap\"><img decoding=\"async\" width=\"150\" height=\"150\" class=\"skip-lazy fg-image\" data-src-fg=\"https:\/\/daniel-erfle.de\/wp-content\/uploads\/cache\/2019\/01\/plastiken06\/3463862436.jpg\" src=\"data:image\/svg+xml,%3Csvg%20xmlns%3D%22http%3A%2F%2Fwww.w3.org%2F2000%2Fsvg%22%20width%3D%22150%22%20height%3D%22150%22%20viewBox%3D%220%200%20150%20150%22%3E%3C%2Fsvg%3E\" loading=\"eager\"><\/span><span class=\"fg-image-overlay\"><\/span><\/a><figcaption class=\"fg-caption\"><div class=\"fg-caption-inner\"><\/div><\/figcaption><\/figure><div class=\"fg-loader\"><\/div><\/div><div class=\"fg-item fg-type-image fg-idle\"><figure class=\"fg-item-inner\"><a href=\"https:\/\/daniel-erfle.de\/wp-content\/uploads\/2019\/01\/plastiken05.jpg\" data-caption-title=\"&quot;Kopf II&quot; - 2013 - Gr\u00f6\u00dfe 46x26x24cm\" data-attachment-id=\"126\" data-type=\"image\" class=\"fg-thumb\"><span class=\"fg-image-wrap\"><img decoding=\"async\" title=\"&quot;Kopf II&quot; - 2013 - Gr\u00f6\u00dfe 46x26x24cm\" width=\"150\" height=\"150\" class=\"skip-lazy fg-image\" data-src-fg=\"https:\/\/daniel-erfle.de\/wp-content\/uploads\/cache\/2019\/01\/plastiken05\/2672412987.jpg\" src=\"data:image\/svg+xml,%3Csvg%20xmlns%3D%22http%3A%2F%2Fwww.w3.org%2F2000%2Fsvg%22%20width%3D%22150%22%20height%3D%22150%22%20viewBox%3D%220%200%20150%20150%22%3E%3C%2Fsvg%3E\" loading=\"eager\"><\/span><span class=\"fg-image-overlay\"><\/span><\/a><figcaption class=\"fg-caption\"><div class=\"fg-caption-inner\"><div class=\"fg-caption-title\">\"Kopf II\" - 2013 - Gr\u00f6\u00dfe 46x26x24cm<\/div><\/div><\/figcaption><\/figure><div class=\"fg-loader\"><\/div><\/div><div class=\"fg-item fg-type-image fg-idle\"><figure class=\"fg-item-inner\"><a href=\"https:\/\/daniel-erfle.de\/wp-content\/uploads\/2019\/01\/plastiken04.jpg\" data-caption-title=\"&quot;TH-VIII&quot; - 2017 - Gr\u00f6\u00dfe 80x54x23\" data-attachment-id=\"125\" data-type=\"image\" class=\"fg-thumb\"><span class=\"fg-image-wrap\"><img decoding=\"async\" title=\"&quot;TH-VIII&quot; - 2017 - Gr\u00f6\u00dfe 80x54x23\" width=\"150\" height=\"150\" class=\"skip-lazy fg-image\" data-src-fg=\"https:\/\/daniel-erfle.de\/wp-content\/uploads\/cache\/2019\/01\/plastiken04\/3896735072.jpg\" src=\"data:image\/svg+xml,%3Csvg%20xmlns%3D%22http%3A%2F%2Fwww.w3.org%2F2000%2Fsvg%22%20width%3D%22150%22%20height%3D%22150%22%20viewBox%3D%220%200%20150%20150%22%3E%3C%2Fsvg%3E\" loading=\"eager\"><\/span><span class=\"fg-image-overlay\"><\/span><\/a><figcaption class=\"fg-caption\"><div class=\"fg-caption-inner\"><div class=\"fg-caption-title\">\"TH-VIII\" - 2017 - Gr\u00f6\u00dfe 80x54x23<\/div><\/div><\/figcaption><\/figure><div class=\"fg-loader\"><\/div><\/div><div class=\"fg-item fg-type-image fg-idle\"><figure class=\"fg-item-inner\"><a href=\"https:\/\/daniel-erfle.de\/wp-content\/uploads\/2019\/01\/plastiken03.jpg\" data-caption-title=\"&quot;Paar&quot; - 2017 - H\u00f6he 193cm\" data-attachment-id=\"124\" data-type=\"image\" class=\"fg-thumb\"><span class=\"fg-image-wrap\"><img decoding=\"async\" title=\"&quot;Paar&quot; - 2017 - H\u00f6he 193cm\" width=\"150\" height=\"150\" class=\"skip-lazy fg-image\" data-src-fg=\"https:\/\/daniel-erfle.de\/wp-content\/uploads\/cache\/2019\/01\/plastiken03\/1027009029.jpg\" src=\"data:image\/svg+xml,%3Csvg%20xmlns%3D%22http%3A%2F%2Fwww.w3.org%2F2000%2Fsvg%22%20width%3D%22150%22%20height%3D%22150%22%20viewBox%3D%220%200%20150%20150%22%3E%3C%2Fsvg%3E\" loading=\"eager\"><\/span><span class=\"fg-image-overlay\"><\/span><\/a><figcaption class=\"fg-caption\"><div class=\"fg-caption-inner\"><div class=\"fg-caption-title\">\"Paar\" - 2017 - H\u00f6he 193cm<\/div><\/div><\/figcaption><\/figure><div class=\"fg-loader\"><\/div><\/div><div class=\"fg-item fg-type-image fg-idle\"><figure class=\"fg-item-inner\"><a href=\"https:\/\/daniel-erfle.de\/wp-content\/uploads\/2019\/01\/plastiken02.jpg\" data-caption-title=\"Ausschnitt &quot;TH-I und TH-3&quot; - 2017\" data-attachment-id=\"123\" data-type=\"image\" class=\"fg-thumb\"><span class=\"fg-image-wrap\"><img decoding=\"async\" title=\"Ausschnitt &quot;TH-I und TH-3&quot; - 2017\" width=\"150\" height=\"150\" class=\"skip-lazy fg-image\" data-src-fg=\"https:\/\/daniel-erfle.de\/wp-content\/uploads\/cache\/2019\/01\/plastiken02\/2182873900.jpg\" src=\"data:image\/svg+xml,%3Csvg%20xmlns%3D%22http%3A%2F%2Fwww.w3.org%2F2000%2Fsvg%22%20width%3D%22150%22%20height%3D%22150%22%20viewBox%3D%220%200%20150%20150%22%3E%3C%2Fsvg%3E\" loading=\"eager\"><\/span><span class=\"fg-image-overlay\"><\/span><\/a><figcaption class=\"fg-caption\"><div class=\"fg-caption-inner\"><div class=\"fg-caption-title\">Ausschnitt \"TH-I und TH-3\" - 2017<\/div><\/div><\/figcaption><\/figure><div class=\"fg-loader\"><\/div><\/div><div class=\"fg-item fg-type-image fg-idle\"><figure class=\"fg-item-inner\"><a href=\"https:\/\/daniel-erfle.de\/wp-content\/uploads\/2019\/01\/plastiken01.jpg\" data-caption-title=\"&quot;Korpus&quot; - 2017 - H\u00f6he 200cm\" data-attachment-id=\"122\" data-type=\"image\" class=\"fg-thumb\"><span class=\"fg-image-wrap\"><img decoding=\"async\" title=\"&quot;Korpus&quot; - 2017 - H\u00f6he 200cm\" width=\"150\" height=\"150\" class=\"skip-lazy fg-image\" data-src-fg=\"https:\/\/daniel-erfle.de\/wp-content\/uploads\/cache\/2019\/01\/plastiken01\/3542323891.jpg\" src=\"data:image\/svg+xml,%3Csvg%20xmlns%3D%22http%3A%2F%2Fwww.w3.org%2F2000%2Fsvg%22%20width%3D%22150%22%20height%3D%22150%22%20viewBox%3D%220%200%20150%20150%22%3E%3C%2Fsvg%3E\" loading=\"eager\"><\/span><span class=\"fg-image-overlay\"><\/span><\/a><figcaption class=\"fg-caption\"><div class=\"fg-caption-inner\"><div class=\"fg-caption-title\">\"Korpus\" - 2017 - H\u00f6he 200cm<\/div><\/div><\/figcaption><\/figure><div class=\"fg-loader\"><\/div><\/div><div class=\"fg-item fg-type-image fg-idle\"><figure class=\"fg-item-inner\"><a href=\"https:\/\/daniel-erfle.de\/wp-content\/uploads\/2021\/12\/IMG_20211214_1718222-scaled.jpg\" data-caption-title=\"Im Vordergrund: TH-X-21, Im Hintergrund: Rote Mutation IV\" data-attachment-id=\"1217\" data-type=\"image\" class=\"fg-thumb\"><span class=\"fg-image-wrap\"><img decoding=\"async\" title=\"Im Vordergrund: TH-X-21, Im Hintergrund: Rote Mutation IV\" width=\"150\" height=\"150\" class=\"skip-lazy fg-image\" data-src-fg=\"https:\/\/daniel-erfle.de\/wp-content\/uploads\/cache\/2021\/12\/IMG_20211214_1718222-scaled\/3329720644.jpg\" src=\"data:image\/svg+xml,%3Csvg%20xmlns%3D%22http%3A%2F%2Fwww.w3.org%2F2000%2Fsvg%22%20width%3D%22150%22%20height%3D%22150%22%20viewBox%3D%220%200%20150%20150%22%3E%3C%2Fsvg%3E\" loading=\"eager\"><\/span><span class=\"fg-image-overlay\"><\/span><\/a><figcaption class=\"fg-caption\"><div class=\"fg-caption-inner\"><div class=\"fg-caption-title\">Im Vordergrund: TH-X-21, Im Hintergrund: Rote Mutation IV<\/div><\/div><\/figcaption><\/figure><div class=\"fg-loader\"><\/div><\/div><\/div>\n\r\n\r\n\r\n","protected":false},"excerpt":{"rendered":"<p>Neben der Verwandlung von Holzbl\u00f6cken in d\u00fcnnh\u00e4utige, filigrane Stelen, fasziniert mich der Werkstoff Papier. Aus ganzen B\u00f6gen gerissen, mit Leim und Draht verst\u00e4rkt oder an F\u00e4den h\u00e4ngend, forme ich Figuren als Endlosschleifen. SculpturesBesides my work transforming blocks of wood into filigree pillars, I also use paper as an artistic medium. Torn from complete sheets, strengthened &hellip; <\/p>\n<p class=\"link-more\"><a href=\"https:\/\/daniel-erfle.de\/?page_id=176\" class=\"more-link\"><span class=\"screen-reader-text\">\u201ePlastiken\u201c<\/span> weiterlesen<\/a><\/p>\n","protected":false},"author":1,"featured_media":0,"parent":0,"menu_order":0,"comment_status":"closed","ping_status":"closed","template":"","meta":{"footnotes":""},"class_list":["post-176","page","type-page","status-publish","hentry"],"_links":{"self":[{"href":"https:\/\/daniel-erfle.de\/index.php?rest_route=\/wp\/v2\/pages\/176","targetHints":{"allow":["GET"]}}],"collection":[{"href":"https:\/\/daniel-erfle.de\/index.php?rest_route=\/wp\/v2\/pages"}],"about":[{"href":"https:\/\/daniel-erfle.de\/index.php?rest_route=\/wp\/v2\/types\/page"}],"author":[{"embeddable":true,"href":"https:\/\/daniel-erfle.de\/index.php?rest_route=\/wp\/v2\/users\/1"}],"replies":[{"embeddable":true,"href":"https:\/\/daniel-erfle.de\/index.php?rest_route=%2Fwp%2Fv2%2Fcomments&post=176"}],"version-history":[{"count":12,"href":"https:\/\/daniel-erfle.de\/index.php?rest_route=\/wp\/v2\/pages\/176\/revisions"}],"predecessor-version":[{"id":1225,"href":"https:\/\/daniel-erfle.de\/index.php?rest_route=\/wp\/v2\/pages\/176\/revisions\/1225"}],"wp:attachment":[{"href":"https:\/\/daniel-erfle.de\/index.php?rest_route=%2Fwp%2Fv2%2Fmedia&parent=176"}],"curies":[{"name":"wp","href":"https:\/\/api.w.org\/{rel}","templated":true}]}}